{"id":72,"date":"2022-06-02T08:48:25","date_gmt":"2022-06-02T13:48:25","guid":{"rendered":"https:\/\/ciani.bucaramanga.upb.edu.co\/?page_id=72"},"modified":"2026-02-26T19:49:16","modified_gmt":"2026-02-27T00:49:16","slug":"speakers","status":"publish","type":"page","link":"https:\/\/ciani.bucaramanga.upb.edu.co\/index.php\/speakers\/","title":{"rendered":""},"content":{"rendered":"<div id=\"pl-72\"  class=\"panel-layout\" ><div id=\"pg-72-0\"  class=\"panel-grid panel-no-style\" ><div id=\"pgc-72-0-0\"  class=\"panel-grid-cell\" ><div id=\"panel-72-0-0-0\" class=\"so-panel widget widget_sow-editor panel-first-child panel-last-child\" data-index=\"0\" ><div\n\t\t\t\n\t\t\tclass=\"so-widget-sow-editor so-widget-sow-editor-base\"\n\t\t\t\n\t\t>\n<div class=\"siteorigin-widget-tinymce textwidget\">\n\t<h3 style=\"text-align: center;\"><span style=\"color: #003366;\"><strong>INVITED KEYNOTE SPEAKERS AND COUNTRIES<\/strong><\/span><\/h3>\n<\/div>\n<\/div><\/div><\/div><\/div><div id=\"pg-72-1\"  class=\"panel-grid panel-no-style\" ><div id=\"pgc-72-1-0\"  class=\"panel-grid-cell\" ><div id=\"panel-72-1-0-0\" class=\"so-panel widget widget_sow-image panel-first-child panel-last-child\" data-index=\"1\" ><div\n\t\t\t\n\t\t\tclass=\"so-widget-sow-image so-widget-sow-image-default-113ccd71f3e6-72\"\n\t\t\t\n\t\t>\n<div class=\"sow-image-container\">\n\t\t<img \n\tsrc=\"https:\/\/ciani.bucaramanga.upb.edu.co\/wp-content\/uploads\/2026\/02\/UPB.png\" width=\"840\" height=\"473\" srcset=\"https:\/\/ciani.bucaramanga.upb.edu.co\/wp-content\/uploads\/2026\/02\/UPB.png 1024w, https:\/\/ciani.bucaramanga.upb.edu.co\/wp-content\/uploads\/2026\/02\/UPB-300x169.png 300w, https:\/\/ciani.bucaramanga.upb.edu.co\/wp-content\/uploads\/2026\/02\/UPB-768x432.png 768w\" sizes=\"(max-width: 840px) 100vw, 840px\" alt=\"\" \t\tclass=\"so-widget-image\"\/>\n\t<\/div>\n\n<\/div><\/div><\/div><\/div><div id=\"pg-72-2\"  class=\"panel-grid panel-no-style\" ><div id=\"pgc-72-2-0\"  class=\"panel-grid-cell\" ><div id=\"panel-72-2-0-0\" class=\"so-panel widget widget_media_gallery panel-first-child panel-last-child\" data-index=\"2\" ><div id='gallery-1' class='gallery galleryid-72 gallery-columns-8 gallery-size-medium'><figure class='gallery-item'>\n\t\t\t<div class='gallery-icon landscape'>\n\t\t\t\t<a href='https:\/\/ciani.bucaramanga.upb.edu.co\/index.php\/speakers\/upb-4\/'><img loading=\"lazy\" decoding=\"async\" width=\"300\" height=\"114\" src=\"https:\/\/ciani.bucaramanga.upb.edu.co\/wp-content\/uploads\/2024\/01\/UPB-300x114.png\" class=\"attachment-medium size-medium\" alt=\"\" srcset=\"https:\/\/ciani.bucaramanga.upb.edu.co\/wp-content\/uploads\/2024\/01\/UPB-300x114.png 300w, https:\/\/ciani.bucaramanga.upb.edu.co\/wp-content\/uploads\/2024\/01\/UPB-360x138.png 360w, https:\/\/ciani.bucaramanga.upb.edu.co\/wp-content\/uploads\/2024\/01\/UPB.png 364w\" sizes=\"(max-width: 300px) 100vw, 300px\" \/><\/a>\n\t\t\t<\/div><\/figure><figure class='gallery-item'>\n\t\t\t<div class='gallery-icon landscape'>\n\t\t\t\t<a href='https:\/\/ciani.bucaramanga.upb.edu.co\/index.php\/inicio\/unctad-2\/'><img loading=\"lazy\" decoding=\"async\" width=\"300\" height=\"80\" src=\"https:\/\/ciani.bucaramanga.upb.edu.co\/wp-content\/uploads\/2022\/08\/UNCTAD-1-300x80.jpg\" class=\"attachment-medium size-medium\" alt=\"\" srcset=\"https:\/\/ciani.bucaramanga.upb.edu.co\/wp-content\/uploads\/2022\/08\/UNCTAD-1-300x80.jpg 300w, https:\/\/ciani.bucaramanga.upb.edu.co\/wp-content\/uploads\/2022\/08\/UNCTAD-1.jpg 750w\" sizes=\"(max-width: 300px) 100vw, 300px\" \/><\/a>\n\t\t\t<\/div><\/figure><figure class='gallery-item'>\n\t\t\t<div class='gallery-icon landscape'>\n\t\t\t\t<a href='https:\/\/ciani.bucaramanga.upb.edu.co\/index.php\/inicio\/globalplansantander-2\/'><img loading=\"lazy\" decoding=\"async\" width=\"300\" height=\"130\" src=\"https:\/\/ciani.bucaramanga.upb.edu.co\/wp-content\/uploads\/2022\/08\/GLOBALPLANSANTANDER-300x130.png\" class=\"attachment-medium size-medium\" alt=\"\" srcset=\"https:\/\/ciani.bucaramanga.upb.edu.co\/wp-content\/uploads\/2022\/08\/GLOBALPLANSANTANDER-300x130.png 300w, https:\/\/ciani.bucaramanga.upb.edu.co\/wp-content\/uploads\/2022\/08\/GLOBALPLANSANTANDER.png 641w\" sizes=\"(max-width: 300px) 100vw, 300px\" \/><\/a>\n\t\t\t<\/div><\/figure><figure class='gallery-item'>\n\t\t\t<div class='gallery-icon landscape'>\n\t\t\t\t<a href='https:\/\/ciani.bucaramanga.upb.edu.co\/index.php\/inicio\/rcpi\/'><img loading=\"lazy\" decoding=\"async\" width=\"300\" height=\"116\" src=\"https:\/\/ciani.bucaramanga.upb.edu.co\/wp-content\/uploads\/2022\/08\/RCPI-300x116.png\" class=\"attachment-medium size-medium\" alt=\"\" srcset=\"https:\/\/ciani.bucaramanga.upb.edu.co\/wp-content\/uploads\/2022\/08\/RCPI-300x116.png 300w, https:\/\/ciani.bucaramanga.upb.edu.co\/wp-content\/uploads\/2022\/08\/RCPI.png 601w\" sizes=\"(max-width: 300px) 100vw, 300px\" \/><\/a>\n\t\t\t<\/div><\/figure><figure class='gallery-item'>\n\t\t\t<div class='gallery-icon landscape'>\n\t\t\t\t<a href='https:\/\/ciani.bucaramanga.upb.edu.co\/index.php\/inicio\/camaracomerciobucaramanga\/'><img loading=\"lazy\" decoding=\"async\" width=\"300\" height=\"105\" src=\"https:\/\/ciani.bucaramanga.upb.edu.co\/wp-content\/uploads\/2022\/08\/CAMARACOMERCIOBUCARAMANGA-300x105.png\" class=\"attachment-medium size-medium\" alt=\"\" srcset=\"https:\/\/ciani.bucaramanga.upb.edu.co\/wp-content\/uploads\/2022\/08\/CAMARACOMERCIOBUCARAMANGA-300x105.png 300w, https:\/\/ciani.bucaramanga.upb.edu.co\/wp-content\/uploads\/2022\/08\/CAMARACOMERCIOBUCARAMANGA-1024x358.png 1024w, https:\/\/ciani.bucaramanga.upb.edu.co\/wp-content\/uploads\/2022\/08\/CAMARACOMERCIOBUCARAMANGA-768x269.png 768w, https:\/\/ciani.bucaramanga.upb.edu.co\/wp-content\/uploads\/2022\/08\/CAMARACOMERCIOBUCARAMANGA-1536x537.png 1536w, https:\/\/ciani.bucaramanga.upb.edu.co\/wp-content\/uploads\/2022\/08\/CAMARACOMERCIOBUCARAMANGA-2048x716.png 2048w\" sizes=\"(max-width: 300px) 100vw, 300px\" \/><\/a>\n\t\t\t<\/div><\/figure><figure class='gallery-item'>\n\t\t\t<div class='gallery-icon landscape'>\n\t\t\t\t<a href='https:\/\/ciani.bucaramanga.upb.edu.co\/index.php\/inicio\/unai-member-logo-spanish-2\/'><img loading=\"lazy\" decoding=\"async\" width=\"300\" height=\"85\" src=\"https:\/\/ciani.bucaramanga.upb.edu.co\/wp-content\/uploads\/2022\/08\/UNAI-Member-Logo-Spanish-1-300x85.png\" class=\"attachment-medium size-medium\" alt=\"\" srcset=\"https:\/\/ciani.bucaramanga.upb.edu.co\/wp-content\/uploads\/2022\/08\/UNAI-Member-Logo-Spanish-1-300x85.png 300w, https:\/\/ciani.bucaramanga.upb.edu.co\/wp-content\/uploads\/2022\/08\/UNAI-Member-Logo-Spanish-1.png 660w\" sizes=\"(max-width: 300px) 100vw, 300px\" \/><\/a>\n\t\t\t<\/div><\/figure><figure class='gallery-item'>\n\t\t\t<div class='gallery-icon landscape'>\n\t\t\t\t<a href='https:\/\/ciani.bucaramanga.upb.edu.co\/index.php\/inicio\/whatsapp-image-2024-02-16-at-08-45-29-2\/'><img loading=\"lazy\" decoding=\"async\" width=\"300\" height=\"226\" src=\"https:\/\/ciani.bucaramanga.upb.edu.co\/wp-content\/uploads\/2024\/02\/WhatsApp-Image-2024-02-16-at-08.45.29-1-300x226.jpeg\" class=\"attachment-medium size-medium\" alt=\"\" srcset=\"https:\/\/ciani.bucaramanga.upb.edu.co\/wp-content\/uploads\/2024\/02\/WhatsApp-Image-2024-02-16-at-08.45.29-1-300x226.jpeg 300w, https:\/\/ciani.bucaramanga.upb.edu.co\/wp-content\/uploads\/2024\/02\/WhatsApp-Image-2024-02-16-at-08.45.29-1-1024x771.jpeg 1024w, https:\/\/ciani.bucaramanga.upb.edu.co\/wp-content\/uploads\/2024\/02\/WhatsApp-Image-2024-02-16-at-08.45.29-1-768x578.jpeg 768w, https:\/\/ciani.bucaramanga.upb.edu.co\/wp-content\/uploads\/2024\/02\/WhatsApp-Image-2024-02-16-at-08.45.29-1.jpeg 1134w\" sizes=\"(max-width: 300px) 100vw, 300px\" \/><\/a>\n\t\t\t<\/div><\/figure><figure class='gallery-item'>\n\t\t\t<div class='gallery-icon landscape'>\n\t\t\t\t<a href='https:\/\/ciani.bucaramanga.upb.edu.co\/icetex-transparente-1\/'><img loading=\"lazy\" decoding=\"async\" width=\"300\" height=\"70\" src=\"https:\/\/ciani.bucaramanga.upb.edu.co\/wp-content\/uploads\/2024\/08\/ICETEX-TRANSPARENTE-1-300x70.png\" class=\"attachment-medium size-medium\" alt=\"\" srcset=\"https:\/\/ciani.bucaramanga.upb.edu.co\/wp-content\/uploads\/2024\/08\/ICETEX-TRANSPARENTE-1-300x70.png 300w, https:\/\/ciani.bucaramanga.upb.edu.co\/wp-content\/uploads\/2024\/08\/ICETEX-TRANSPARENTE-1.png 651w\" sizes=\"(max-width: 300px) 100vw, 300px\" \/><\/a>\n\t\t\t<\/div><\/figure>\n\t\t<\/div>\n<\/div><\/div><\/div><div id=\"pg-72-3\"  class=\"panel-grid panel-no-style\" ><div id=\"pgc-72-3-0\"  class=\"panel-grid-cell\" ><div id=\"panel-72-3-0-0\" class=\"so-panel widget widget_sow-image panel-first-child panel-last-child\" data-index=\"3\" ><div\n\t\t\t\n\t\t\tclass=\"so-widget-sow-image so-widget-sow-image-default-8b5b6f678277-72\"\n\t\t\t\n\t\t>\n<div class=\"sow-image-container\">\n\t\t\t<a href=\"https:\/\/www.linkedin.com\/in\/eske-esther-montoya-martinez-van-egerschot-318a893\/\"\n\t\t\ttarget=\"_blank\" rel=\"noopener noreferrer\" \t\t>\n\t\t\t<img \n\tsrc=\"https:\/\/ciani.bucaramanga.upb.edu.co\/wp-content\/uploads\/2024\/01\/ESKE-FLAG.jpg\" width=\"1226\" height=\"1630\" srcset=\"https:\/\/ciani.bucaramanga.upb.edu.co\/wp-content\/uploads\/2024\/01\/ESKE-FLAG.jpg 1226w, https:\/\/ciani.bucaramanga.upb.edu.co\/wp-content\/uploads\/2024\/01\/ESKE-FLAG-226x300.jpg 226w, https:\/\/ciani.bucaramanga.upb.edu.co\/wp-content\/uploads\/2024\/01\/ESKE-FLAG-770x1024.jpg 770w, https:\/\/ciani.bucaramanga.upb.edu.co\/wp-content\/uploads\/2024\/01\/ESKE-FLAG-768x1021.jpg 768w, https:\/\/ciani.bucaramanga.upb.edu.co\/wp-content\/uploads\/2024\/01\/ESKE-FLAG-1155x1536.jpg 1155w\" sizes=\"(max-width: 1226px) 100vw, 1226px\" title=\"ESKE\" alt=\"\" \t\tclass=\"so-widget-image\"\/>\n\t\t\t<\/a><\/div>\n\n<\/div><\/div><\/div><div id=\"pgc-72-3-1\"  class=\"panel-grid-cell\" ><div id=\"panel-72-3-1-0\" class=\"so-panel widget widget_sow-editor panel-first-child panel-last-child\" data-index=\"4\" ><div\n\t\t\t\n\t\t\tclass=\"so-widget-sow-editor so-widget-sow-editor-base\"\n\t\t\t\n\t\t><h3 class=\"widget-title\">Eske Montoya Martinez van Egerschot<\/h3>\n<div class=\"siteorigin-widget-tinymce textwidget\">\n\t<p><strong>Global Chief - AI Governance &amp; Ethics at DigiDiplomacy | Former Dutch Parliament Member on Technology | Transformation Specialist<\/strong><\/p>\n<p><strong>Conference:<\/strong> Navigating the AI Frontier: Unleashing Ethical AI Governance in the Boardroom<\/p>\n<p>Eske has a unique perspective on navigating the constant evolution of AI ethics, governance, and regulation, thanks to her multidisciplinary experience as Director of External Affairs at Danone, Mergers and Acquisitions specialist at KPMG, and member of the Dutch Parliament in Technology and Innovation since the age of 26.<\/p>\n<p>Specialized in AI Governance, Digital Transformation, and AI Law, she stands out as the Head of AI Governance and Ethics at DigiDiplomacy.<\/p>\n<p>With over 15 years of experience in public affairs and communication, she skillfully manages both internal and external stakeholders, ensuring responsible implementation, development, and supervision of AI.<\/p>\n<p>A graduate in AI Law from Leiden University and certified in Data Science, she teaches at DataCamp and is a spokesperson at international forums on AI ethics, diversity, and inclusion.<\/p>\n<p><a href=\"https:\/\/www.linkedin.com\/in\/eske-esther-montoya-martinez-van-egerschot-318a893\/\" target=\"_blank\" rel=\"noopener\"><strong>LinkedIn.<\/strong><\/a> <a href=\"http:\/\/nl.wikipedia.org\/wiki\/Eske_van_Egerschot\"><strong>Wikipedia.<\/strong><\/a><\/p>\n<\/div>\n<\/div><\/div><\/div><\/div><div id=\"pg-72-4\"  class=\"panel-grid panel-no-style\" ><div id=\"pgc-72-4-0\"  class=\"panel-grid-cell\" ><div id=\"panel-72-4-0-0\" class=\"so-panel widget widget_sow-image panel-first-child panel-last-child\" data-index=\"5\" ><div\n\t\t\t\n\t\t\tclass=\"so-widget-sow-image so-widget-sow-image-default-8b5b6f678277-72\"\n\t\t\t\n\t\t>\n<div class=\"sow-image-container\">\n\t\t\t<a href=\"https:\/\/www.linkedin.com\/in\/sebastian-tm\/\"\n\t\t\ttarget=\"_blank\" rel=\"noopener noreferrer\" \t\t>\n\t\t\t<img \n\tsrc=\"https:\/\/ciani.bucaramanga.upb.edu.co\/wp-content\/uploads\/2024\/01\/SEBAS-FLAG.jpg\" width=\"1226\" height=\"1630\" srcset=\"https:\/\/ciani.bucaramanga.upb.edu.co\/wp-content\/uploads\/2024\/01\/SEBAS-FLAG.jpg 1226w, https:\/\/ciani.bucaramanga.upb.edu.co\/wp-content\/uploads\/2024\/01\/SEBAS-FLAG-226x300.jpg 226w, https:\/\/ciani.bucaramanga.upb.edu.co\/wp-content\/uploads\/2024\/01\/SEBAS-FLAG-770x1024.jpg 770w, https:\/\/ciani.bucaramanga.upb.edu.co\/wp-content\/uploads\/2024\/01\/SEBAS-FLAG-768x1021.jpg 768w, https:\/\/ciani.bucaramanga.upb.edu.co\/wp-content\/uploads\/2024\/01\/SEBAS-FLAG-1155x1536.jpg 1155w\" sizes=\"(max-width: 1226px) 100vw, 1226px\" title=\"SEBASTIAN\" alt=\"\" \t\tclass=\"so-widget-image\"\/>\n\t\t\t<\/a><\/div>\n\n<\/div><\/div><\/div><div id=\"pgc-72-4-1\"  class=\"panel-grid-cell\" ><div id=\"panel-72-4-1-0\" class=\"so-panel widget widget_sow-editor panel-first-child panel-last-child\" data-index=\"6\" ><div\n\t\t\t\n\t\t\tclass=\"so-widget-sow-editor so-widget-sow-editor-base\"\n\t\t\t\n\t\t><h3 class=\"widget-title\">SEBASTI\u00c1N T\u00c9LLEZ MART\u00cdNEZ<\/h3>\n<div class=\"siteorigin-widget-tinymce textwidget\">\n\t<p><strong>Executive Vice President of Data, Process, SW Engineering and Workforce Management<\/strong><br \/>\n<strong>Teleperformance MAR<\/strong><\/p>\n<p><strong>Conference:<\/strong> Data as a Basis for Responsible AI: The Role of Data Governance<\/p>\n<p>With over 17 years of experience in outsourcing and customer experience management, Sebasti\u00e1n is the VP of Data, Processes, and WFM at Teleperformance, an international leader in Customer and Citizen Experience Management and related digital services, operating in more than 95 countries.<\/p>\n<p>He holds a Data Management certificate from Carnegie Mellon University (US) and has completed executive education at INALDE Business School. Sebasti\u00e1n is dedicated to optimizing processes and solving problems through data, analytics, and technology.<\/p>\n<p>He excels in building diverse teams and has significantly contributed to his company's digital transformation, especially in transitioning to remote work during the pandemic. His leadership spans WFM, Data, Processes, Logistics, and Software Engineering, playing a crucial role in developing data and process capabilities, as well as HR systems for a broad employee base.<\/p>\n<p>Sebasti\u00e1n's philosophy is encapsulated in his motto: \"Optimizing processes and solving problems with data, analytics and technology.\" He brings extensive experience and knowledge to CIANI 2024, promising valuable contributions.<\/p>\n<p><a href=\"https:\/\/www.linkedin.com\/in\/sebastian-tm\/\" target=\"_blank\" rel=\"noopener\"><strong>LinkedIn.<\/strong><\/a><\/p>\n<\/div>\n<\/div><\/div><\/div><\/div><div id=\"pg-72-5\"  class=\"panel-grid panel-no-style\" ><div id=\"pgc-72-5-0\"  class=\"panel-grid-cell\" ><div id=\"panel-72-5-0-0\" class=\"so-panel widget widget_sow-image panel-first-child panel-last-child\" data-index=\"7\" ><div\n\t\t\t\n\t\t\tclass=\"so-widget-sow-image so-widget-sow-image-default-8b5b6f678277-72\"\n\t\t\t\n\t\t>\n<div class=\"sow-image-container\">\n\t\t\t<a href=\"https:\/\/www.linkedin.com\/in\/sebastian-tm\/\"\n\t\t\ttarget=\"_blank\" rel=\"noopener noreferrer\" \t\t>\n\t\t\t<img \n\tsrc=\"https:\/\/ciani.bucaramanga.upb.edu.co\/wp-content\/uploads\/2024\/02\/RICARDO.jpg\" width=\"449\" height=\"595\" srcset=\"https:\/\/ciani.bucaramanga.upb.edu.co\/wp-content\/uploads\/2024\/02\/RICARDO.jpg 449w, https:\/\/ciani.bucaramanga.upb.edu.co\/wp-content\/uploads\/2024\/02\/RICARDO-226x300.jpg 226w\" sizes=\"(max-width: 449px) 100vw, 449px\" alt=\"\" \t\tclass=\"so-widget-image\"\/>\n\t\t\t<\/a><\/div>\n\n<\/div><\/div><\/div><div id=\"pgc-72-5-1\"  class=\"panel-grid-cell\" ><div id=\"panel-72-5-1-0\" class=\"so-panel widget widget_sow-editor panel-first-child panel-last-child\" data-index=\"8\" ><div\n\t\t\t\n\t\t\tclass=\"so-widget-sow-editor so-widget-sow-editor-base\"\n\t\t\t\n\t\t><h3 class=\"widget-title\">RICARDO E. BUITRAGO<\/h3>\n<div class=\"siteorigin-widget-tinymce textwidget\">\n\t<p><strong>Associate Research Professor in Strategy and International Management<\/strong><br \/>\n<strong>EGADE Business School, Tecnol\u00f3gico de Monterrey<\/strong><\/p>\n<p><strong>Conference:<\/strong> Artificial Intelligence in Business Internationalization: Transforming Global Strategies<\/p>\n<p><span style=\"font-size: 1.0625rem;\">Dr. Ricardo E. Buitrago R., currently an Associate Research Professor at EGADE Business School, Tecnol\u00f3gico de Monterrey, has a distinguished career in international strategy and management. <\/span><\/p>\n<p><span style=\"font-size: 1.0625rem;\">Before joining EGADE, he served in leadership positions at Colombian universities and as a visiting professor in Latin America. He is President-Elect of the Business Association for Latin American Studies (BALAS) and Executive Director of the Emerging Multinationals Research Network (EMRN), also engaging with the Academy of International Business (AIB) and IE-Scholars as an ambassador. <\/span><\/p>\n<p><span style=\"font-size: 1.0625rem;\">His academic contributions, bridging international political economy with strategic management, are backed by his dual Ph<\/span><span style=\"font-size: 1.0625rem;\">Ds in System Dynamics and Public Policy, a master's in International Relations, and a specialization in International Business Management, alongside practical experience in the banking sector and consulting.<\/span><\/p>\n<p><a href=\"https:\/\/www.linkedin.com\/in\/rebuitrago\/?originalSubdomain=mx\" target=\"_blank\" rel=\"noopener\"><strong>LinkedIn.<\/strong><\/a><\/p>\n<\/div>\n<\/div><\/div><\/div><\/div><div id=\"pg-72-6\"  class=\"panel-grid panel-no-style\" ><div id=\"pgc-72-6-0\"  class=\"panel-grid-cell\" ><div id=\"panel-72-6-0-0\" class=\"so-panel widget widget_sow-image panel-first-child panel-last-child\" data-index=\"9\" ><div\n\t\t\t\n\t\t\tclass=\"so-widget-sow-image so-widget-sow-image-default-8b5b6f678277-72\"\n\t\t\t\n\t\t>\n<div class=\"sow-image-container\">\n\t\t\t<a href=\"https:\/\/www.linkedin.com\/in\/sebastian-tm\/\"\n\t\t\ttarget=\"_blank\" rel=\"noopener noreferrer\" \t\t>\n\t\t\t<img \n\tsrc=\"https:\/\/ciani.bucaramanga.upb.edu.co\/wp-content\/uploads\/2024\/02\/RAFAEL-PALACIOS.jpg\" width=\"395\" height=\"527\" srcset=\"https:\/\/ciani.bucaramanga.upb.edu.co\/wp-content\/uploads\/2024\/02\/RAFAEL-PALACIOS.jpg 395w, https:\/\/ciani.bucaramanga.upb.edu.co\/wp-content\/uploads\/2024\/02\/RAFAEL-PALACIOS-225x300.jpg 225w\" sizes=\"(max-width: 395px) 100vw, 395px\" title=\"YouTube Thumbnails ENE.22 &#8211; 3\" alt=\"\" \t\tclass=\"so-widget-image\"\/>\n\t\t\t<\/a><\/div>\n\n<\/div><\/div><\/div><div id=\"pgc-72-6-1\"  class=\"panel-grid-cell\" ><div id=\"panel-72-6-1-0\" class=\"so-panel widget widget_sow-editor panel-first-child panel-last-child\" data-index=\"10\" ><div\n\t\t\t\n\t\t\tclass=\"so-widget-sow-editor so-widget-sow-editor-base\"\n\t\t\t\n\t\t><h3 class=\"widget-title\">RAFAEL PALACIOS BUSTAMANTE<\/h3>\n<div class=\"siteorigin-widget-tinymce textwidget\">\n\t<p>Lecturer and Researcher at BSP Business School Berlin \u23ae IELSM Strategic Coordinator<\/p>\n<p><strong>Conference:<\/strong> Complexity and adoption of artificial intelligence in digital entrepreneurship platforms<\/p>\n<p>Dr. Rafael Palacios is a professor and researcher at the Faculty of International Business and Management of the Berlin &amp; Law School Berlin and coordinates the international academic-entrepreneurial business platform IELSM (International Entrepreneurship Lab Smart Money) for the acceleration and internationalization of digital entrepreneurial ecosystems. He has more than 15 years of professional experience in innovation management in companies, universities, research centers and governmental institutions both in Europe and Latin America.<\/p>\n<p>His current research topics are international business in digital transformation and international entrepreneurship ecosystems. His most recent research of this 2024 are: 1) Social Capital Management in the Context of Digital Entrepreneurship Ecosystem (2024), 2) New competencies in the artificial intelligence sector and their effect on economic and geographical transformation in Mexico (2024) and 3) Radical Change and dominant characterof digital transformation in artificial inteligence entrepreneurship in less innovative economies (2023).<\/p>\n<p><a href=\"https:\/\/www.linkedin.com\/in\/rafaelpalaciosbustamante\/\" target=\"_blank\" rel=\"noopener\"><strong>LinkedIn.<\/strong><\/a><\/p>\n<\/div>\n<\/div><\/div><\/div><\/div><div id=\"pg-72-7\"  class=\"panel-grid panel-no-style\" ><div id=\"pgc-72-7-0\"  class=\"panel-grid-cell\" ><div id=\"panel-72-7-0-0\" class=\"so-panel widget widget_sow-editor panel-first-child\" data-index=\"11\" ><div\n\t\t\t\n\t\t\tclass=\"so-widget-sow-editor so-widget-sow-editor-base\"\n\t\t\t\n\t\t>\n<div class=\"siteorigin-widget-tinymce textwidget\">\n\t<h4 style=\"text-align: center;\"><span style=\"color: #000080;\"><a style=\"color: #000080;\" href=\"https:\/\/forms.office.com\/r\/4RB4KH4NWU\"><strong>ATTENDEE AND SPEAKER REGISTRATION NOW OPEN<\/strong><\/a><\/span><\/h4>\n<\/div>\n<\/div><\/div><div id=\"panel-72-7-0-1\" class=\"so-panel widget widget_media_gallery panel-last-child\" data-index=\"12\" ><div id='gallery-2' class='gallery galleryid-72 gallery-columns-8 gallery-size-medium'><figure class='gallery-item'>\n\t\t\t<div class='gallery-icon landscape'>\n\t\t\t\t<a href='https:\/\/ciani.bucaramanga.upb.edu.co\/index.php\/speakers\/upb-4\/'><img loading=\"lazy\" decoding=\"async\" width=\"300\" height=\"114\" src=\"https:\/\/ciani.bucaramanga.upb.edu.co\/wp-content\/uploads\/2024\/01\/UPB-300x114.png\" class=\"attachment-medium size-medium\" alt=\"\" srcset=\"https:\/\/ciani.bucaramanga.upb.edu.co\/wp-content\/uploads\/2024\/01\/UPB-300x114.png 300w, https:\/\/ciani.bucaramanga.upb.edu.co\/wp-content\/uploads\/2024\/01\/UPB-360x138.png 360w, https:\/\/ciani.bucaramanga.upb.edu.co\/wp-content\/uploads\/2024\/01\/UPB.png 364w\" sizes=\"(max-width: 300px) 100vw, 300px\" \/><\/a>\n\t\t\t<\/div><\/figure><figure class='gallery-item'>\n\t\t\t<div class='gallery-icon landscape'>\n\t\t\t\t<a href='https:\/\/ciani.bucaramanga.upb.edu.co\/index.php\/inicio\/unctad-2\/'><img loading=\"lazy\" decoding=\"async\" width=\"300\" height=\"80\" src=\"https:\/\/ciani.bucaramanga.upb.edu.co\/wp-content\/uploads\/2022\/08\/UNCTAD-1-300x80.jpg\" class=\"attachment-medium size-medium\" alt=\"\" srcset=\"https:\/\/ciani.bucaramanga.upb.edu.co\/wp-content\/uploads\/2022\/08\/UNCTAD-1-300x80.jpg 300w, https:\/\/ciani.bucaramanga.upb.edu.co\/wp-content\/uploads\/2022\/08\/UNCTAD-1.jpg 750w\" sizes=\"(max-width: 300px) 100vw, 300px\" \/><\/a>\n\t\t\t<\/div><\/figure><figure class='gallery-item'>\n\t\t\t<div class='gallery-icon landscape'>\n\t\t\t\t<a href='https:\/\/ciani.bucaramanga.upb.edu.co\/index.php\/inicio\/globalplansantander-2\/'><img loading=\"lazy\" decoding=\"async\" width=\"300\" height=\"130\" src=\"https:\/\/ciani.bucaramanga.upb.edu.co\/wp-content\/uploads\/2022\/08\/GLOBALPLANSANTANDER-300x130.png\" class=\"attachment-medium size-medium\" alt=\"\" srcset=\"https:\/\/ciani.bucaramanga.upb.edu.co\/wp-content\/uploads\/2022\/08\/GLOBALPLANSANTANDER-300x130.png 300w, https:\/\/ciani.bucaramanga.upb.edu.co\/wp-content\/uploads\/2022\/08\/GLOBALPLANSANTANDER.png 641w\" sizes=\"(max-width: 300px) 100vw, 300px\" \/><\/a>\n\t\t\t<\/div><\/figure><figure class='gallery-item'>\n\t\t\t<div class='gallery-icon landscape'>\n\t\t\t\t<a href='https:\/\/ciani.bucaramanga.upb.edu.co\/index.php\/inicio\/rcpi\/'><img loading=\"lazy\" decoding=\"async\" width=\"300\" height=\"116\" src=\"https:\/\/ciani.bucaramanga.upb.edu.co\/wp-content\/uploads\/2022\/08\/RCPI-300x116.png\" class=\"attachment-medium size-medium\" alt=\"\" srcset=\"https:\/\/ciani.bucaramanga.upb.edu.co\/wp-content\/uploads\/2022\/08\/RCPI-300x116.png 300w, https:\/\/ciani.bucaramanga.upb.edu.co\/wp-content\/uploads\/2022\/08\/RCPI.png 601w\" sizes=\"(max-width: 300px) 100vw, 300px\" \/><\/a>\n\t\t\t<\/div><\/figure><figure class='gallery-item'>\n\t\t\t<div class='gallery-icon landscape'>\n\t\t\t\t<a href='https:\/\/ciani.bucaramanga.upb.edu.co\/index.php\/inicio\/camaracomerciobucaramanga\/'><img loading=\"lazy\" decoding=\"async\" width=\"300\" height=\"105\" src=\"https:\/\/ciani.bucaramanga.upb.edu.co\/wp-content\/uploads\/2022\/08\/CAMARACOMERCIOBUCARAMANGA-300x105.png\" class=\"attachment-medium size-medium\" alt=\"\" srcset=\"https:\/\/ciani.bucaramanga.upb.edu.co\/wp-content\/uploads\/2022\/08\/CAMARACOMERCIOBUCARAMANGA-300x105.png 300w, https:\/\/ciani.bucaramanga.upb.edu.co\/wp-content\/uploads\/2022\/08\/CAMARACOMERCIOBUCARAMANGA-1024x358.png 1024w, https:\/\/ciani.bucaramanga.upb.edu.co\/wp-content\/uploads\/2022\/08\/CAMARACOMERCIOBUCARAMANGA-768x269.png 768w, https:\/\/ciani.bucaramanga.upb.edu.co\/wp-content\/uploads\/2022\/08\/CAMARACOMERCIOBUCARAMANGA-1536x537.png 1536w, https:\/\/ciani.bucaramanga.upb.edu.co\/wp-content\/uploads\/2022\/08\/CAMARACOMERCIOBUCARAMANGA-2048x716.png 2048w\" sizes=\"(max-width: 300px) 100vw, 300px\" \/><\/a>\n\t\t\t<\/div><\/figure><figure class='gallery-item'>\n\t\t\t<div class='gallery-icon landscape'>\n\t\t\t\t<a href='https:\/\/ciani.bucaramanga.upb.edu.co\/index.php\/inicio\/unai-member-logo-spanish-2\/'><img loading=\"lazy\" decoding=\"async\" width=\"300\" height=\"85\" src=\"https:\/\/ciani.bucaramanga.upb.edu.co\/wp-content\/uploads\/2022\/08\/UNAI-Member-Logo-Spanish-1-300x85.png\" class=\"attachment-medium size-medium\" alt=\"\" srcset=\"https:\/\/ciani.bucaramanga.upb.edu.co\/wp-content\/uploads\/2022\/08\/UNAI-Member-Logo-Spanish-1-300x85.png 300w, https:\/\/ciani.bucaramanga.upb.edu.co\/wp-content\/uploads\/2022\/08\/UNAI-Member-Logo-Spanish-1.png 660w\" sizes=\"(max-width: 300px) 100vw, 300px\" \/><\/a>\n\t\t\t<\/div><\/figure><figure class='gallery-item'>\n\t\t\t<div class='gallery-icon landscape'>\n\t\t\t\t<a href='https:\/\/ciani.bucaramanga.upb.edu.co\/index.php\/inicio\/whatsapp-image-2024-02-16-at-08-45-29-2\/'><img loading=\"lazy\" decoding=\"async\" width=\"300\" height=\"226\" src=\"https:\/\/ciani.bucaramanga.upb.edu.co\/wp-content\/uploads\/2024\/02\/WhatsApp-Image-2024-02-16-at-08.45.29-1-300x226.jpeg\" class=\"attachment-medium size-medium\" alt=\"\" srcset=\"https:\/\/ciani.bucaramanga.upb.edu.co\/wp-content\/uploads\/2024\/02\/WhatsApp-Image-2024-02-16-at-08.45.29-1-300x226.jpeg 300w, https:\/\/ciani.bucaramanga.upb.edu.co\/wp-content\/uploads\/2024\/02\/WhatsApp-Image-2024-02-16-at-08.45.29-1-1024x771.jpeg 1024w, https:\/\/ciani.bucaramanga.upb.edu.co\/wp-content\/uploads\/2024\/02\/WhatsApp-Image-2024-02-16-at-08.45.29-1-768x578.jpeg 768w, https:\/\/ciani.bucaramanga.upb.edu.co\/wp-content\/uploads\/2024\/02\/WhatsApp-Image-2024-02-16-at-08.45.29-1.jpeg 1134w\" sizes=\"(max-width: 300px) 100vw, 300px\" \/><\/a>\n\t\t\t<\/div><\/figure><figure class='gallery-item'>\n\t\t\t<div class='gallery-icon landscape'>\n\t\t\t\t<a href='https:\/\/ciani.bucaramanga.upb.edu.co\/icetex-transparente-1\/'><img loading=\"lazy\" decoding=\"async\" width=\"300\" height=\"70\" src=\"https:\/\/ciani.bucaramanga.upb.edu.co\/wp-content\/uploads\/2024\/08\/ICETEX-TRANSPARENTE-1-300x70.png\" class=\"attachment-medium size-medium\" alt=\"\" srcset=\"https:\/\/ciani.bucaramanga.upb.edu.co\/wp-content\/uploads\/2024\/08\/ICETEX-TRANSPARENTE-1-300x70.png 300w, https:\/\/ciani.bucaramanga.upb.edu.co\/wp-content\/uploads\/2024\/08\/ICETEX-TRANSPARENTE-1.png 651w\" sizes=\"(max-width: 300px) 100vw, 300px\" \/><\/a>\n\t\t\t<\/div><\/figure>\n\t\t<\/div>\n<\/div><\/div><\/div><\/div>","protected":false},"excerpt":{"rendered":"<p>INVITED KEYNOTE SPEAKERS AND COUNTRIES<\/p>\n","protected":false},"author":1,"featured_media":0,"parent":0,"menu_order":0,"comment_status":"closed","ping_status":"closed","template":"template-fullwidth.php","meta":{"footnotes":""},"yoast_head":"<!-- This site is optimized with the Yoast SEO plugin v23.1 - https:\/\/yoast.com\/wordpress\/plugins\/seo\/ -->\n<title>- CIANI UPB<\/title>\n<meta name=\"robots\" content=\"noindex, follow\" \/>\n<meta property=\"og:locale\" content=\"es_ES\" \/>\n<meta property=\"og:type\" content=\"article\" \/>\n<meta property=\"og:title\" content=\"- CIANI UPB\" \/>\n<meta property=\"og:description\" content=\"INVITED KEYNOTE SPEAKERS AND COUNTRIES\" \/>\n<meta property=\"og:url\" content=\"https:\/\/ciani.bucaramanga.upb.edu.co\/index.php\/speakers\/\" \/>\n<meta property=\"og:site_name\" content=\"CIANI UPB\" \/>\n<meta property=\"article:modified_time\" content=\"2026-02-27T00:49:16+00:00\" \/>\n<meta name=\"twitter:card\" content=\"summary_large_image\" \/>\n<meta name=\"twitter:label1\" content=\"Tiempo de lectura\" \/>\n\t<meta name=\"twitter:data1\" content=\"8 minutos\" \/>\n<script type=\"application\/ld+json\" class=\"yoast-schema-graph\">{\"@context\":\"https:\/\/schema.org\",\"@graph\":[{\"@type\":\"WebPage\",\"@id\":\"https:\/\/ciani.bucaramanga.upb.edu.co\/index.php\/speakers\/\",\"url\":\"https:\/\/ciani.bucaramanga.upb.edu.co\/index.php\/speakers\/\",\"name\":\"- CIANI UPB\",\"isPartOf\":{\"@id\":\"https:\/\/ciani.bucaramanga.upb.edu.co\/#website\"},\"datePublished\":\"2022-06-02T13:48:25+00:00\",\"dateModified\":\"2026-02-27T00:49:16+00:00\",\"inLanguage\":\"es-CO\",\"potentialAction\":[{\"@type\":\"ReadAction\",\"target\":[\"https:\/\/ciani.bucaramanga.upb.edu.co\/index.php\/speakers\/\"]}]},{\"@type\":\"WebSite\",\"@id\":\"https:\/\/ciani.bucaramanga.upb.edu.co\/#website\",\"url\":\"https:\/\/ciani.bucaramanga.upb.edu.co\/\",\"name\":\"CIANI UPB 2026\",\"description\":\"VI Congreso Internacional en Administraci\u00f3n de Negocios Internacionales (CIANI 2026)\",\"publisher\":{\"@id\":\"https:\/\/ciani.bucaramanga.upb.edu.co\/#organization\"},\"potentialAction\":[{\"@type\":\"SearchAction\",\"target\":{\"@type\":\"EntryPoint\",\"urlTemplate\":\"https:\/\/ciani.bucaramanga.upb.edu.co\/?s={search_term_string}\"},\"query-input\":\"required name=search_term_string\"}],\"inLanguage\":\"es-CO\"},{\"@type\":\"Organization\",\"@id\":\"https:\/\/ciani.bucaramanga.upb.edu.co\/#organization\",\"name\":\"CIANI UPB 2026\",\"url\":\"https:\/\/ciani.bucaramanga.upb.edu.co\/\",\"logo\":{\"@type\":\"ImageObject\",\"inLanguage\":\"es-CO\",\"@id\":\"https:\/\/ciani.bucaramanga.upb.edu.co\/#\/schema\/logo\/image\/\",\"url\":\"https:\/\/ciani.bucaramanga.upb.edu.co\/wp-content\/uploads\/2022\/06\/cropped-Untitled-design-8.png\",\"contentUrl\":\"https:\/\/ciani.bucaramanga.upb.edu.co\/wp-content\/uploads\/2022\/06\/cropped-Untitled-design-8.png\",\"width\":250,\"height\":50,\"caption\":\"CIANI UPB 2026\"},\"image\":{\"@id\":\"https:\/\/ciani.bucaramanga.upb.edu.co\/#\/schema\/logo\/image\/\"}}]}<\/script>\n<!-- \/ Yoast SEO plugin. -->","yoast_head_json":{"title":"- CIANI UPB","robots":{"index":"noindex","follow":"follow"},"og_locale":"es_ES","og_type":"article","og_title":"- CIANI UPB","og_description":"INVITED KEYNOTE SPEAKERS AND COUNTRIES","og_url":"https:\/\/ciani.bucaramanga.upb.edu.co\/index.php\/speakers\/","og_site_name":"CIANI UPB","article_modified_time":"2026-02-27T00:49:16+00:00","twitter_card":"summary_large_image","twitter_misc":{"Tiempo de lectura":"8 minutos"},"schema":{"@context":"https:\/\/schema.org","@graph":[{"@type":"WebPage","@id":"https:\/\/ciani.bucaramanga.upb.edu.co\/index.php\/speakers\/","url":"https:\/\/ciani.bucaramanga.upb.edu.co\/index.php\/speakers\/","name":"- CIANI UPB","isPartOf":{"@id":"https:\/\/ciani.bucaramanga.upb.edu.co\/#website"},"datePublished":"2022-06-02T13:48:25+00:00","dateModified":"2026-02-27T00:49:16+00:00","inLanguage":"es-CO","potentialAction":[{"@type":"ReadAction","target":["https:\/\/ciani.bucaramanga.upb.edu.co\/index.php\/speakers\/"]}]},{"@type":"WebSite","@id":"https:\/\/ciani.bucaramanga.upb.edu.co\/#website","url":"https:\/\/ciani.bucaramanga.upb.edu.co\/","name":"CIANI UPB 2026","description":"VI Congreso Internacional en Administraci\u00f3n de Negocios Internacionales (CIANI 2026)","publisher":{"@id":"https:\/\/ciani.bucaramanga.upb.edu.co\/#organization"},"potentialAction":[{"@type":"SearchAction","target":{"@type":"EntryPoint","urlTemplate":"https:\/\/ciani.bucaramanga.upb.edu.co\/?s={search_term_string}"},"query-input":"required name=search_term_string"}],"inLanguage":"es-CO"},{"@type":"Organization","@id":"https:\/\/ciani.bucaramanga.upb.edu.co\/#organization","name":"CIANI UPB 2026","url":"https:\/\/ciani.bucaramanga.upb.edu.co\/","logo":{"@type":"ImageObject","inLanguage":"es-CO","@id":"https:\/\/ciani.bucaramanga.upb.edu.co\/#\/schema\/logo\/image\/","url":"https:\/\/ciani.bucaramanga.upb.edu.co\/wp-content\/uploads\/2022\/06\/cropped-Untitled-design-8.png","contentUrl":"https:\/\/ciani.bucaramanga.upb.edu.co\/wp-content\/uploads\/2022\/06\/cropped-Untitled-design-8.png","width":250,"height":50,"caption":"CIANI UPB 2026"},"image":{"@id":"https:\/\/ciani.bucaramanga.upb.edu.co\/#\/schema\/logo\/image\/"}}]}},"_links":{"self":[{"href":"https:\/\/ciani.bucaramanga.upb.edu.co\/index.php\/wp-json\/wp\/v2\/pages\/72"}],"collection":[{"href":"https:\/\/ciani.bucaramanga.upb.edu.co\/index.php\/wp-json\/wp\/v2\/pages"}],"about":[{"href":"https:\/\/ciani.bucaramanga.upb.edu.co\/index.php\/wp-json\/wp\/v2\/types\/page"}],"author":[{"embeddable":true,"href":"https:\/\/ciani.bucaramanga.upb.edu.co\/index.php\/wp-json\/wp\/v2\/users\/1"}],"replies":[{"embeddable":true,"href":"https:\/\/ciani.bucaramanga.upb.edu.co\/index.php\/wp-json\/wp\/v2\/comments?post=72"}],"version-history":[{"count":124,"href":"https:\/\/ciani.bucaramanga.upb.edu.co\/index.php\/wp-json\/wp\/v2\/pages\/72\/revisions"}],"predecessor-version":[{"id":819,"href":"https:\/\/ciani.bucaramanga.upb.edu.co\/index.php\/wp-json\/wp\/v2\/pages\/72\/revisions\/819"}],"wp:attachment":[{"href":"https:\/\/ciani.bucaramanga.upb.edu.co\/index.php\/wp-json\/wp\/v2\/media?parent=72"}],"curies":[{"name":"wp","href":"https:\/\/api.w.org\/{rel}","templated":true}]}}